{"id":5940,"date":"2015-11-11T10:51:15","date_gmt":"2015-11-11T10:51:15","guid":{"rendered":"https:\/\/artes-visuales.org\/becas\/"},"modified":"2025-11-28T11:28:01","modified_gmt":"2025-11-28T11:28:01","slug":"beques","status":"publish","type":"page","link":"https:\/\/artes-visuales.org\/ca\/beques\/","title":{"rendered":"BEQUES"},"content":{"rendered":"<p>En <a href=\"http:\/\/escuelaposgrado.ugr.es\/pages\/becas\" target=\"_blank\" rel=\"noopener\">aquest enlla\u00e7<\/a> de l&#8217;Escola Internacional de Postgrau de la UGR s\u2019ofereix informaci\u00f3 detallada i actualitzada sobre les diferents modalitats de beques, ajuts i pr\u00e9stecs als quals poden optar els alumnes de tercer cicle.<\/p>\n<p>Cal recordar que la Universitat de Granada refor\u00e7a aquesta oferta amb un interessant <a href=\"http:\/\/investigacion.ugr.es\/pages\/planpropio\" target=\"_blank\" rel=\"noopener\">\u201cPla Propi\u201d<\/a>.<\/p>\n","protected":false},"excerpt":{"rendered":"<p>En aquest enlla\u00e7 de l&#8217;Escola Internacional de Postgrau de la UGR s\u2019ofereix informaci\u00f3 detallada i actualitzada sobre les diferents modalitats de beques, ajuts i pr\u00e9stecs als quals poden optar els alumnes de tercer cicle. Cal recordar que la Universitat de Granada refor\u00e7a aquesta oferta amb un interessant \u201cPla Propi\u201d.<\/p>\n","protected":false},"author":2,"featured_media":0,"parent":0,"menu_order":0,"comment_status":"closed","ping_status":"closed","template":"","meta":{"footnotes":""},"class_list":["post-5940","page","type-page","status-publish","hentry"],"yoast_head":"<!-- This site is optimized with the Yoast SEO plugin v20.5 - https:\/\/yoast.com\/wordpress\/plugins\/seo\/ -->\n<title>BEQUES - Artes Visuales y Educaci\u00f3n<\/title>\n<meta name=\"robots\" content=\"index, follow, max-snippet:-1, max-image-preview:large, max-video-preview:-1\" \/>\n<link rel=\"canonical\" href=\"https:\/\/artes-visuales.org\/ca\/beques\/\" \/>\n<meta property=\"og:locale\" content=\"ca_ES\" \/>\n<meta property=\"og:type\" content=\"article\" \/>\n<meta property=\"og:title\" content=\"BEQUES - Artes Visuales y Educaci\u00f3n\" \/>\n<meta property=\"og:description\" content=\"En aquest enlla\u00e7 de l&#8217;Escola Internacional de Postgrau de la UGR s\u2019ofereix informaci\u00f3 detallada i actualitzada sobre les diferents modalitats de beques, ajuts i pr\u00e9stecs als quals poden optar els alumnes de tercer cicle. Cal recordar que la Universitat de Granada refor\u00e7a aquesta oferta amb un interessant \u201cPla Propi\u201d.\" \/>\n<meta property=\"og:url\" content=\"https:\/\/artes-visuales.org\/ca\/beques\/\" \/>\n<meta property=\"og:site_name\" content=\"Artes Visuales y Educaci\u00f3n\" \/>\n<meta property=\"article:modified_time\" content=\"2025-11-28T11:28:01+00:00\" \/>\n<meta name=\"twitter:card\" content=\"summary_large_image\" \/>\n<meta name=\"twitter:label1\" content=\"Temps estimat de lectura\" \/>\n\t<meta name=\"twitter:data1\" content=\"1 minut\" \/>\n<script type=\"application\/ld+json\" class=\"yoast-schema-graph\">{\"@context\":\"https:\/\/schema.org\",\"@graph\":[{\"@type\":\"WebPage\",\"@id\":\"https:\/\/artes-visuales.org\/ca\/beques\/\",\"url\":\"https:\/\/artes-visuales.org\/ca\/beques\/\",\"name\":\"BEQUES - Artes Visuales y Educaci\u00f3n\",\"isPartOf\":{\"@id\":\"https:\/\/artes-visuales.org\/#website\"},\"datePublished\":\"2015-11-11T10:51:15+00:00\",\"dateModified\":\"2025-11-28T11:28:01+00:00\",\"breadcrumb\":{\"@id\":\"https:\/\/artes-visuales.org\/ca\/beques\/#breadcrumb\"},\"inLanguage\":\"ca\",\"potentialAction\":[{\"@type\":\"ReadAction\",\"target\":[\"https:\/\/artes-visuales.org\/ca\/beques\/\"]}]},{\"@type\":\"BreadcrumbList\",\"@id\":\"https:\/\/artes-visuales.org\/ca\/beques\/#breadcrumb\",\"itemListElement\":[{\"@type\":\"ListItem\",\"position\":1,\"name\":\"Portada\",\"item\":\"https:\/\/artes-visuales.org\/ca\/\"},{\"@type\":\"ListItem\",\"position\":2,\"name\":\"BEQUES\"}]},{\"@type\":\"WebSite\",\"@id\":\"https:\/\/artes-visuales.org\/#website\",\"url\":\"https:\/\/artes-visuales.org\/\",\"name\":\"Artes Visuales y Educaci\u00f3n\",\"description\":\"M\u00e1ster UGR\",\"potentialAction\":[{\"@type\":\"SearchAction\",\"target\":{\"@type\":\"EntryPoint\",\"urlTemplate\":\"https:\/\/artes-visuales.org\/?s={search_term_string}\"},\"query-input\":\"required name=search_term_string\"}],\"inLanguage\":\"ca\"}]}<\/script>\n<!-- \/ Yoast SEO plugin. -->","yoast_head_json":{"title":"BEQUES - Artes Visuales y Educaci\u00f3n","robots":{"index":"index","follow":"follow","max-snippet":"max-snippet:-1","max-image-preview":"max-image-preview:large","max-video-preview":"max-video-preview:-1"},"canonical":"https:\/\/artes-visuales.org\/ca\/beques\/","og_locale":"ca_ES","og_type":"article","og_title":"BEQUES - Artes Visuales y Educaci\u00f3n","og_description":"En aquest enlla\u00e7 de l&#8217;Escola Internacional de Postgrau de la UGR s\u2019ofereix informaci\u00f3 detallada i actualitzada sobre les diferents modalitats de beques, ajuts i pr\u00e9stecs als quals poden optar els alumnes de tercer cicle. Cal recordar que la Universitat de Granada refor\u00e7a aquesta oferta amb un interessant \u201cPla Propi\u201d.","og_url":"https:\/\/artes-visuales.org\/ca\/beques\/","og_site_name":"Artes Visuales y Educaci\u00f3n","article_modified_time":"2025-11-28T11:28:01+00:00","twitter_card":"summary_large_image","twitter_misc":{"Temps estimat de lectura":"1 minut"},"schema":{"@context":"https:\/\/schema.org","@graph":[{"@type":"WebPage","@id":"https:\/\/artes-visuales.org\/ca\/beques\/","url":"https:\/\/artes-visuales.org\/ca\/beques\/","name":"BEQUES - Artes Visuales y Educaci\u00f3n","isPartOf":{"@id":"https:\/\/artes-visuales.org\/#website"},"datePublished":"2015-11-11T10:51:15+00:00","dateModified":"2025-11-28T11:28:01+00:00","breadcrumb":{"@id":"https:\/\/artes-visuales.org\/ca\/beques\/#breadcrumb"},"inLanguage":"ca","potentialAction":[{"@type":"ReadAction","target":["https:\/\/artes-visuales.org\/ca\/beques\/"]}]},{"@type":"BreadcrumbList","@id":"https:\/\/artes-visuales.org\/ca\/beques\/#breadcrumb","itemListElement":[{"@type":"ListItem","position":1,"name":"Portada","item":"https:\/\/artes-visuales.org\/ca\/"},{"@type":"ListItem","position":2,"name":"BEQUES"}]},{"@type":"WebSite","@id":"https:\/\/artes-visuales.org\/#website","url":"https:\/\/artes-visuales.org\/","name":"Artes Visuales y Educaci\u00f3n","description":"M\u00e1ster UGR","potentialAction":[{"@type":"SearchAction","target":{"@type":"EntryPoint","urlTemplate":"https:\/\/artes-visuales.org\/?s={search_term_string}"},"query-input":"required name=search_term_string"}],"inLanguage":"ca"}]}},"_links":{"self":[{"href":"https:\/\/artes-visuales.org\/ca\/wp-json\/wp\/v2\/pages\/5940","targetHints":{"allow":["GET"]}}],"collection":[{"href":"https:\/\/artes-visuales.org\/ca\/wp-json\/wp\/v2\/pages"}],"about":[{"href":"https:\/\/artes-visuales.org\/ca\/wp-json\/wp\/v2\/types\/page"}],"author":[{"embeddable":true,"href":"https:\/\/artes-visuales.org\/ca\/wp-json\/wp\/v2\/users\/2"}],"replies":[{"embeddable":true,"href":"https:\/\/artes-visuales.org\/ca\/wp-json\/wp\/v2\/comments?post=5940"}],"version-history":[{"count":1,"href":"https:\/\/artes-visuales.org\/ca\/wp-json\/wp\/v2\/pages\/5940\/revisions"}],"predecessor-version":[{"id":5944,"href":"https:\/\/artes-visuales.org\/ca\/wp-json\/wp\/v2\/pages\/5940\/revisions\/5944"}],"wp:attachment":[{"href":"https:\/\/artes-visuales.org\/ca\/wp-json\/wp\/v2\/media?parent=5940"}],"curies":[{"name":"wp","href":"https:\/\/api.w.org\/{rel}","templated":true}]}}