{"version":"1.0","provider_name":"Artes Visuales y Educaci\u00f3n","provider_url":"https:\/\/artes-visuales.org\/ca\/","title":"PLA DE COORDINACI\u00d3 DE PR\u00c0CTIQUES - Artes Visuales y Educaci\u00f3n","type":"rich","width":600,"height":338,"html":"<blockquote class=\"wp-embedded-content\" data-secret=\"nZvBtge79k\"><a href=\"https:\/\/artes-visuales.org\/ca\/pla-de-coordinacio-de-practiques\/\">PLA DE COORDINACI\u00d3 DE PR\u00c0CTIQUES<\/a><\/blockquote><iframe sandbox=\"allow-scripts\" security=\"restricted\" src=\"https:\/\/artes-visuales.org\/ca\/pla-de-coordinacio-de-practiques\/embed\/#?secret=nZvBtge79k\" width=\"600\" height=\"338\" title=\"&#8220;PLA DE COORDINACI\u00d3 DE PR\u00c0CTIQUES&#8221; &#8212; Artes Visuales y Educaci\u00f3n\" data-secret=\"nZvBtge79k\" frameborder=\"0\" marginwidth=\"0\" marginheight=\"0\" scrolling=\"no\" class=\"wp-embedded-content\"><\/iframe><script type=\"text\/javascript\">\n\/* <![CDATA[ *\/\n\/*! This file is auto-generated *\/\n!function(d,l){\"use strict\";l.querySelector&&d.addEventListener&&\"undefined\"!=typeof URL&&(d.wp=d.wp||{},d.wp.receiveEmbedMessage||(d.wp.receiveEmbedMessage=function(e){var t=e.data;if((t||t.secret||t.message||t.value)&&!\/[^a-zA-Z0-9]\/.test(t.secret)){for(var s,r,n,a=l.querySelectorAll('iframe[data-secret=\"'+t.secret+'\"]'),o=l.querySelectorAll('blockquote[data-secret=\"'+t.secret+'\"]'),c=new RegExp(\"^https?:$\",\"i\"),i=0;i<o.length;i++)o[i].style.display=\"none\";for(i=0;i<a.length;i++)s=a[i],e.source===s.contentWindow&&(s.removeAttribute(\"style\"),\"height\"===t.message?(1e3<(r=parseInt(t.value,10))?r=1e3:~~r<200&&(r=200),s.height=r):\"link\"===t.message&&(r=new URL(s.getAttribute(\"src\")),n=new URL(t.value),c.test(n.protocol))&&n.host===r.host&&l.activeElement===s&&(d.top.location.href=t.value))}},d.addEventListener(\"message\",d.wp.receiveEmbedMessage,!1),l.addEventListener(\"DOMContentLoaded\",function(){for(var e,t,s=l.querySelectorAll(\"iframe.wp-embedded-content\"),r=0;r<s.length;r++)(t=(e=s[r]).getAttribute(\"data-secret\"))||(t=Math.random().toString(36).substring(2,12),e.src+=\"#?secret=\"+t,e.setAttribute(\"data-secret\",t)),e.contentWindow.postMessage({message:\"ready\",secret:t},\"*\")},!1)))}(window,document);\n\/* ]]> *\/\n<\/script>\n","description":"Accions impulsades per la Comissi\u00f3 Acad\u00e8mica juntament amb la coordinaci\u00f3 de pr\u00e0ctiques per garantir la correcta implementaci\u00f3 i el seu adequat seguiment La coordinaci\u00f3 del m\u00e0ster ha consolidat un sistema estable per al desenvolupament de les pr\u00e0ctiques externes, garantint una comunicaci\u00f3 fluida entre el professorat tutor acad\u00e8mic, els tutors externs i l\u2019estudiantat. L\u2019objectiu principal \u00e9s [...]"}